{"id":8217,"date":"2024-06-18T09:53:54","date_gmt":"2024-06-18T07:53:54","guid":{"rendered":"https:\/\/troczewski2.pl\/?page_id=8217"},"modified":"2024-06-27T22:09:40","modified_gmt":"2024-06-27T20:09:40","slug":"partnerzy-biznesowi","status":"publish","type":"page","link":"https:\/\/troczewski2.pl\/index.php\/partnerzy-biznesowi\/","title":{"rendered":"PARTNERZY BIZNESOWI"},"content":{"rendered":"\t\t<div data-elementor-type=\"wp-page\" data-elementor-id=\"8217\" class=\"elementor elementor-8217\" data-elementor-settings=\"[]\">\n\t\t\t\t\t\t\t<div class=\"elementor-section-wrap\">\n\t\t\t\t\t\t\t<section class=\"elementor-section elementor-top-section elementor-element elementor-element-5bd4a2e elementor-section-boxed elementor-section-height-default elementor-section-height-default\" data-id=\"5bd4a2e\" data-element_type=\"section\">\n\t\t\t\t\t\t<div class=\"elementor-container elementor-column-gap-default\">\n\t\t\t\t\t<div class=\"elementor-column elementor-col-100 elementor-top-column elementor-element elementor-element-1d2aff7f\" data-id=\"1d2aff7f\" data-element_type=\"column\">\n\t\t\t<div class=\"elementor-widget-wrap elementor-element-populated\">\n\t\t\t\t\t\t\t\t<div class=\"elementor-element elementor-element-680d4e4b elementor-widget elementor-widget-text-editor\" data-id=\"680d4e4b\" data-element_type=\"widget\" data-widget_type=\"text-editor.default\">\n\t\t\t\t<div class=\"elementor-widget-container\">\n\t\t\t\t\t\t\t<!-- wp:image {\"id\":8236,\"width\":708,\"height\":1001,\"sizeSlug\":\"large\",\"linkDestination\":\"none\"} -->\n<figure class=\"wp-block-image size-large is-resized\"><img src=\"https:\/\/troczewski2.pl\/wp-content\/uploads\/2024\/06\/partnerzy_page-00012-724x1024.jpg\" alt=\"\" class=\"wp-image-8236\" width=\"708\" height=\"1001\" srcset=\"https:\/\/troczewski2.pl\/wp-content\/uploads\/2024\/06\/partnerzy_page-00012-724x1024.jpg 724w, https:\/\/troczewski2.pl\/wp-content\/uploads\/2024\/06\/partnerzy_page-00012-212x300.jpg 212w, https:\/\/troczewski2.pl\/wp-content\/uploads\/2024\/06\/partnerzy_page-00012-768x1086.jpg 768w, https:\/\/troczewski2.pl\/wp-content\/uploads\/2024\/06\/partnerzy_page-00012-1086x1536.jpg 1086w, https:\/\/troczewski2.pl\/wp-content\/uploads\/2024\/06\/partnerzy_page-00012.jpg 1241w\" sizes=\"(max-width: 708px) 100vw, 708px\" \/><\/figure>\n<!-- \/wp:image -->\n\n<!-- wp:media-text -->\n<div class=\"wp-block-media-text alignwide is-stacked-on-mobile\"><figure class=\"wp-block-media-text__media\"><\/figure><div class=\"wp-block-media-text__content\"><!-- wp:paragraph {\"placeholder\":\"Tre\u015b\u0107...\",\"fontSize\":\"large\"} -->\n<p class=\"has-large-font-size\"><\/p>\n<!-- \/wp:paragraph --><\/div><\/div>\n<!-- \/wp:media-text -->\t\t\t\t\t\t<\/div>\n\t\t\t\t<\/div>\n\t\t\t\t\t<\/div>\n\t\t<\/div>\n\t\t\t\t\t\t\t<\/div>\n\t\t<\/section>\n\t\t\t\t<section class=\"elementor-section elementor-top-section elementor-element elementor-element-03ef92d elementor-section-boxed elementor-section-height-default elementor-section-height-default\" data-id=\"03ef92d\" data-element_type=\"section\">\n\t\t\t\t\t\t<div class=\"elementor-container elementor-column-gap-default\">\n\t\t\t\t\t<div class=\"elementor-column elementor-col-100 elementor-top-column elementor-element elementor-element-7e35e6a\" data-id=\"7e35e6a\" data-element_type=\"column\">\n\t\t\t<div class=\"elementor-widget-wrap elementor-element-populated\">\n\t\t\t\t\t\t\t\t<div class=\"elementor-element elementor-element-dbbb3f9 elementor-widget elementor-widget-text-editor\" data-id=\"dbbb3f9\" data-element_type=\"widget\" data-widget_type=\"text-editor.default\">\n\t\t\t\t<div class=\"elementor-widget-container\">\n\t\t\t\t\t\t\t<h2 style=\"font-weight: 400; text-align: center;\"><strong>Podzi\u0119kowanie za wsp\u00f3\u0142prac\u0119 w roku szkolnym 2023\/2024<\/strong><\/h2>\n<p style=\"font-weight: 400;\">\n<\/p><p style=\"font-weight: 400;\">&nbsp; &nbsp; W czasie uroczysto\u015bci zako\u0144czenia roku szkolnego 2023\/2024 Pani Dyrektor Joanna Zieli\u0144ska podsumowa\u0142a tegoroczn\u0105 wsp\u00f3\u0142prac\u0119 z&nbsp;pracodawcami, u&nbsp;kt\u00f3rych praktyczn\u0105 nauk\u0119 zawodu realizuj\u0105 od lat nasi uczniowie.<\/p>\n<p style=\"font-weight: 400;\">Nale\u017c\u0105 do nich:&nbsp;<\/p>\n<ul>\n<li>Animex Kutno Sp. z.o.o.,<\/li>\n<li>Zak\u0142ad Mleczarski w Kutnie Zorina Sp. z o.o.,<\/li>\n<li>Vandemoortele Kutno,<\/li>\n<li>Hotel Restauracja Rondo,<\/li>\n<li>Hotel Dw\u00f3r S\u00f3jki,<\/li>\n<li>Villa Garden Grzegorz Smyczy\u0144ski,<\/li>\n<li>Firma Us\u0142ugi Gastronomiczne \u201e Si\u00f3dme Niebo\u201d,<\/li>\n<li>Leroy Merlin,<\/li>\n<li>Zak\u0142ad AMZ \u2013 BIS Sp. z o.o.,<\/li>\n<li>CNH Industrial Sp. z o.o. Kutno,<\/li>\n<li>Krajowa Grupa Spo\u017cywcza S.A. Oddzia\u0142 Cukrownia Dobrzelin w Dobrzelinie,<\/li>\n<li>GoodMills Polska Sp. z o.o. M\u0142yn Kutno,<\/li>\n<li>Ozdowski T.D.J. Zak\u0142ad piekarniczo &#8211; cukierniczy j.,<\/li>\n<li>Ustronianka Sp. z o.o.,<\/li>\n<li>Polfarmex S.A.,<\/li>\n<li>Omega Pilzno ITiS Godawski &amp; Godawski Sp z o.o.,<\/li>\n<li>MAPEI Polska Sp. z o.o.<\/li>\n<\/ul>\n<p style=\"font-weight: 400;\">&nbsp; &nbsp; Pani Dyrektor podkre\u015bli\u0142a, \u017ce zaj\u0119cia praktyczne i praktyki zawodowe odbywane u pracodawc\u00f3w pozwalaj\u0105 m\u0142odzie\u017cy na opanowanie umiej\u0119tno\u015bci zawodowych niezb\u0119dnych do podj\u0119cia pracy w danym zawodzie oraz zastosowanie i pog\u0142\u0119bienie zdobytej wiedzy i umiej\u0119tno\u015bci zawodowych w&nbsp;rzeczywistych warunkach pracy. To w\u0142a\u015bnie dzi\u0119ki efektywnej wsp\u00f3\u0142pracy \u015brodowiska szkolnego z pracodawcami m\u0142odzi ludzie ko\u0144cz\u0105 szko\u0142\u0119 wyposa\u017ceni w do\u015bwiadczenie niezb\u0119dne do funkcjonowania na rynku pracy.<\/p>\n<p style=\"font-weight: 400;\">Zako\u0144czenie roku szkolnego 2023\/2024 to znakomita okazja, by j\u0105 posumowa\u0107 i podzi\u0119kowa\u0107: za zaanga\u017cowanie w kszta\u0142cenie i wychowanie m\u0142odzie\u017cy, \u017cyczliwo\u015b\u0107 i zrozumienie problem\u00f3w naszej szko\u0142y. Dyrekcja szko\u0142y wyrazi\u0142a jednocze\u015bnie nadziej\u0119 na dalsz\u0105 wsp\u00f3\u0142prac\u0119 w przysz\u0142ych latach.<\/p>\n<p style=\"font-weight: 400;\">\n<\/p>\t\t\t\t\t\t<\/div>\n\t\t\t\t<\/div>\n\t\t\t\t\t<\/div>\n\t\t<\/div>\n\t\t\t\t\t\t\t<\/div>\n\t\t<\/section>\n\t\t\t\t\t\t<\/div>\n\t\t\t\t\t<\/div>\n\t\t","protected":false},"excerpt":{"rendered":"<p>Podzi\u0119kowanie za wsp\u00f3\u0142prac\u0119 w roku szkolnym 2023\/2024 &nbsp; &nbsp; W czasie uroczysto\u015bci zako\u0144czenia roku szkolnego 2023\/2024 Pani Dyrektor Joanna Zieli\u0144ska podsumowa\u0142a tegoroczn\u0105 wsp\u00f3\u0142prac\u0119 z&nbsp;pracodawcami, u&nbsp;kt\u00f3rych praktyczn\u0105 nauk\u0119 zawodu realizuj\u0105 od lat nasi uczniowie. Nale\u017c\u0105 do nich:&nbsp; Animex Kutno Sp. z.o.o., Zak\u0142ad Mleczarski w Kutnie Zorina Sp. z o.o., Vandemoortele Kutno, Hotel Restauracja Rondo, Hotel Dw\u00f3r [&hellip;]<\/p>\n","protected":false},"author":1,"featured_media":0,"parent":0,"menu_order":0,"comment_status":"closed","ping_status":"closed","template":"","meta":[],"_links":{"self":[{"href":"https:\/\/troczewski2.pl\/index.php\/wp-json\/wp\/v2\/pages\/8217"}],"collection":[{"href":"https:\/\/troczewski2.pl\/index.php\/wp-json\/wp\/v2\/pages"}],"about":[{"href":"https:\/\/troczewski2.pl\/index.php\/wp-json\/wp\/v2\/types\/page"}],"author":[{"embeddable":true,"href":"https:\/\/troczewski2.pl\/index.php\/wp-json\/wp\/v2\/users\/1"}],"replies":[{"embeddable":true,"href":"https:\/\/troczewski2.pl\/index.php\/wp-json\/wp\/v2\/comments?post=8217"}],"version-history":[{"count":17,"href":"https:\/\/troczewski2.pl\/index.php\/wp-json\/wp\/v2\/pages\/8217\/revisions"}],"predecessor-version":[{"id":8320,"href":"https:\/\/troczewski2.pl\/index.php\/wp-json\/wp\/v2\/pages\/8217\/revisions\/8320"}],"wp:attachment":[{"href":"https:\/\/troczewski2.pl\/index.php\/wp-json\/wp\/v2\/media?parent=8217"}],"curies":[{"name":"wp","href":"https:\/\/api.w.org\/{rel}","templated":true}]}}